{"id":10882,"date":"2024-02-21T21:42:15","date_gmt":"2024-02-21T19:42:15","guid":{"rendered":"https:\/\/andreeahalikias.ro\/?post_type=tribe_events&#038;p=10882"},"modified":"2025-03-28T21:43:56","modified_gmt":"2025-03-28T19:43:56","slug":"lansarea-cartii-trezita-la-viata-elena-manea","status":"publish","type":"tribe_events","link":"https:\/\/andreeahalikias.ro\/en\/eveniment\/lansarea-cartii-trezita-la-viata-elena-manea\/","title":{"rendered":"LANSAREA C\u0102R\u021aII \u201eTREZIT\u0102 LA VIA\u021a\u0102\u201d \u2013 ELENA MANEA"},"content":{"rendered":"<h2>Este mai mult dec\u00e2t o carte\u2026<\/h2>\n<div>\n<p>\u00a0\u2026povestea mea de supravie\u0163uire s-a transformat \u00eentr-o carte, un jurnal \u00een care \u00ee\u021bi spun, pe zile, cum am revenit la via\u0163\u0103.<\/p>\n<\/div>\n<p><!--more--><\/p>\n<div>O lec\u0163ie de voin\u0163\u0103, credin\u0163\u0103 \u015fi lupt\u0103 care m-a purtat din cele mai ad\u00e2nci neguri la lumin\u0103.<\/div>\n<div><\/div>\n<div>Vreau ca aceast\u0103 carte s\u0103 aduc\u0103 alinare celor afla\u0163i \u00een situa\u0163ii limit\u0103.<\/div>\n<div><\/div>\n<div>Este m\u0103rturia c\u0103 se poate s\u0103 dep\u0103\u015fim orice ne iese \u00een cale, iar Dumnezeu nu ne d\u0103 mai mult dec\u00e2t putem duce. Vreau s\u0103 fie ghidul care te \u00eenso\u0163e\u015fte \u00een orice situa\u0163ie dificil\u0103 pe care o traversezi.<\/div>\n<div>Vei g\u0103si aici instrumentele care mie mi-au salvat via\u0163a: rug\u0103ciunea, setarea mental\u0103 spre vindecare, starea de prezen\u0163\u0103 \u015fi de conectare cu sufletul meu.<\/div>\n<div>O carte ca un film documentar, \u00een care se arat\u0103, or\u0103 cu or\u0103, zi cu zi, miracolul revenirii mele la via\u0163\u0103.<\/div>\n<div><\/div>\n<div>Apoi transformarea mea ca femeie, dup\u0103 un diagnostic dur, o situa\u0163ie la grani\u0163a mor\u0163ii \u015fi divor\u021b.<\/div>\n<div><\/div>\n<div><em><strong>Lansarea c\u0103r\u021bii va avea loc \u00een data de 21 Martie 2024, de la ora 19, la Grand Hotel Continental pe Calea Victoriei.<\/strong><\/em><\/div>\n<div><\/div>\n<div>Te a\u0219tept\u0103m cu drag.<\/div>","protected":false},"excerpt":{"rendered":"<p>Este mai mult dec\u00e2t o carte\u2026 \u00a0\u2026povestea mea de supravie\u0163uire s-a transformat \u00eentr-o carte, un jurnal \u00een care \u00ee\u021bi spun, pe zile, cum am revenit la via\u0163\u0103.<\/p>","protected":false},"author":6,"featured_media":7510,"template":"","meta":{"order-bump-settings":[],"_wpfnl_thankyou_order_overview":"on","_wpfnl_thankyou_order_details":"on","_wpfnl_thankyou_billing_details":"on","_wpfnl_thankyou_shipping_details":"on","_tribe_events_status":"","_tribe_events_status_reason":"","footnotes":""},"tags":[],"tribe_events_cat":[300],"class_list":["post-10882","tribe_events","type-tribe_events","status-publish","has-post-thumbnail","hentry","tribe_events_cat-lansari-de-carte","cat_lansari-de-carte","is-cat-link-line-before"],"_links":{"self":[{"href":"https:\/\/andreeahalikias.ro\/en\/wp-json\/wp\/v2\/tribe_events\/10882","targetHints":{"allow":["GET"]}}],"collection":[{"href":"https:\/\/andreeahalikias.ro\/en\/wp-json\/wp\/v2\/tribe_events"}],"about":[{"href":"https:\/\/andreeahalikias.ro\/en\/wp-json\/wp\/v2\/types\/tribe_events"}],"author":[{"embeddable":true,"href":"https:\/\/andreeahalikias.ro\/en\/wp-json\/wp\/v2\/users\/6"}],"version-history":[{"count":0,"href":"https:\/\/andreeahalikias.ro\/en\/wp-json\/wp\/v2\/tribe_events\/10882\/revisions"}],"wp:featuredmedia":[{"embeddable":true,"href":"https:\/\/andreeahalikias.ro\/en\/wp-json\/wp\/v2\/media\/7510"}],"wp:attachment":[{"href":"https:\/\/andreeahalikias.ro\/en\/wp-json\/wp\/v2\/media?parent=10882"}],"wp:term":[{"taxonomy":"post_tag","embeddable":true,"href":"https:\/\/andreeahalikias.ro\/en\/wp-json\/wp\/v2\/tags?post=10882"},{"taxonomy":"tribe_events_cat","embeddable":true,"href":"https:\/\/andreeahalikias.ro\/en\/wp-json\/wp\/v2\/tribe_events_cat?post=10882"}],"curies":[{"name":"wp","href":"https:\/\/api.w.org\/{rel}","templated":true}]}}