{"id":10871,"date":"2024-03-05T11:32:15","date_gmt":"2024-03-05T09:32:15","guid":{"rendered":"https:\/\/andreeahalikias.ro\/?post_type=tribe_events&#038;p=10871"},"modified":"2025-03-27T11:36:09","modified_gmt":"2025-03-27T09:36:09","slug":"lansarea-cartii-magia-maternitatii-povesti-despre-alaptare-sorana-muresan","status":"publish","type":"tribe_events","link":"https:\/\/andreeahalikias.ro\/en\/eveniment\/lansarea-cartii-magia-maternitatii-povesti-despre-alaptare-sorana-muresan\/","title":{"rendered":"LANSAREA C\u0102R\u021aII \u201eMAgia MAternit\u0103\u021bii \u2013 Pove\u0219ti despre Al\u0103ptare\u201d \u2013SORANA MURE\u0218AN"},"content":{"rendered":"<p><em>Majoritatea mamelor simt o mare greutate \u00een a se conecta cu bebelu\u0219ul lor dup\u0103 venirea sa pe lume, ceea ce le face s\u0103 se simt\u0103 confuze, frustrate, chiar cople\u0219ite.<\/em><\/p>\n<p><em>Primele clipe petrecute cu bebe\u0219ulul imediat dup\u0103 na\u0219tere \u0219i, ulterior, al\u0103ptarea, sunt cheia succesului \u00een construirea unui ata\u0219ament profund. Mai mult, este vorba de startul s\u0103n\u0103tos \u00een via\u021ba copilului t\u0103u \u0219i \u00een via\u021ba ta de mam\u0103.<\/em><\/p>\n<p><em>Am scris aceasta carte pentru a te ajuta s\u0103 al\u0103ptezi cu succes \u00eenc\u0103 de la \u00eenceput \u0219i s\u0103 te bucuri cu adev\u0103rat de experien\u021ba MAgic\u0103 a MAternit\u0103\u021bii.<\/em><\/p>\n<p><strong>Sorana Mure<\/strong><strong>\u0219an<\/strong><\/p>\n<p>Autor, Consultant \u00een Al\u0103ptare Certificat Interna\u021bional (IBCLC), Fondatorul Asocia\u021biei ProMAMA<\/p>\n<p>Aici, se reg\u0103se\u0219te\u00a0<strong>Povestea\u00a0<em>mea<\/em>\u00a0de al\u0103ptare.<\/strong><\/p>\n<p>Aici, descoperi<strong>\u00a0Pove\u0219tile de al\u0103ptare\u00a0<em>ale unor<\/em>\u00a0<em>mame<\/em><\/strong>\u00a0cu care m-am \u00eent\u00e2lnit de-a lungul timpului. Astfel de pove\u0219ti mi-au fost ghid \u0219i m-au c\u0103l\u0103uzit \u00een \u00eentreaga mea devenire profesional\u0103. Prin pove\u0219tile lor am \u00eencercat s\u0103 introduc un fir logic pentru a te ajuta s\u0103 \u00een\u021belegi \u00eentr-un mod practic, u\u0219or \u0219i firesc principiile de baz\u0103 ale al\u0103pt\u0103rii \u2013 pentru c\u0103 Povestea al\u0103pt\u0103rii \u00eencepe din burtic\u0103, continu\u0103 la pieptul mamei \u0219i se \u00eencheie atunci c\u00e2nd vine timpul vostru.<\/p>\n<p>Aici, poate reg\u0103se\u0219ti\u00a0<strong>Povestea\u00a0<em>ta\u00a0<\/em><\/strong>de al\u0103ptare \u0219i identifici solu\u021bii, aici \u00ee\u021bi po\u021bi scrie propria Poveste de al\u0103ptare.<\/p>\n<p><strong>Aceast\u0103 carte, \u201cPove\u0219ti despre Al\u0103ptare\u201d, \u00ee\u021bi este dedicat\u0103 \u021bie, drag\u0103 viitoare sau proasp\u0103t\u0103 m\u0103mic\u0103.<br \/>\n<\/strong><\/p>\n<p>Pentru c\u0103 \u00eemi doresc s\u0103-\u021bi d\u0103ruiesc informa\u021bii care s\u0103 te ghideze spre succes, s\u0103-\u021bi fiu al\u0103turi \u00een \u201cPovestea\u00a0<em>ta<\/em>\u00a0de al\u0103ptare\u201d, s\u0103 am o contribu\u021bie \u00een succesul experien\u021bei tale. \u00cemi doresc, ca peste ani, s\u0103 ai o amintire \u00eemplinitoare a vie\u021bii tale de mam\u0103 de bebelu\u0219. Iar al\u0103ptarea este cea care o poate \u00eencununa!<\/p>\n<p>&nbsp;<\/p>\n<p>Te a\u0219tept\u0103m la lansare ce va avea loc pe data de 21 Martie, de la ora 17, la Seneca Anticafe-Bucure\u0219ti<\/p>","protected":false},"excerpt":{"rendered":"<p>Majoritatea mamelor simt o mare greutate \u00een a se conecta cu bebelu\u0219ul lor dup\u0103 venirea sa pe lume, ceea ce le face s\u0103 se simt\u0103 confuze, frustrate, chiar cople\u0219ite. Primele clipe petrecute cu bebe\u0219ulul imediat dup\u0103 na\u0219tere \u0219i, ulterior, al\u0103ptarea, sunt cheia succesului \u00een construirea unui ata\u0219ament profund. Mai mult, este vorba de startul s\u0103n\u0103tos \u00een via\u021ba copilului t\u0103u \u0219i \u00een via\u021ba ta de mam\u0103&#8230;. <\/p>\n<p class=\"more\"><a class=\"more-link\" href=\"https:\/\/andreeahalikias.ro\/en\/eveniment\/lansarea-cartii-magia-maternitatii-povesti-despre-alaptare-sorana-muresan\/\">Read More<\/a><\/p>","protected":false},"author":6,"featured_media":7522,"template":"","meta":{"order-bump-settings":[],"_wpfnl_thankyou_order_overview":"on","_wpfnl_thankyou_order_details":"on","_wpfnl_thankyou_billing_details":"on","_wpfnl_thankyou_shipping_details":"on","_tribe_events_status":"","_tribe_events_status_reason":"","footnotes":""},"tags":[],"tribe_events_cat":[300],"class_list":["post-10871","tribe_events","type-tribe_events","status-publish","has-post-thumbnail","hentry","tribe_events_cat-lansari-de-carte","cat_lansari-de-carte","is-cat-link-line-before"],"_links":{"self":[{"href":"https:\/\/andreeahalikias.ro\/en\/wp-json\/wp\/v2\/tribe_events\/10871","targetHints":{"allow":["GET"]}}],"collection":[{"href":"https:\/\/andreeahalikias.ro\/en\/wp-json\/wp\/v2\/tribe_events"}],"about":[{"href":"https:\/\/andreeahalikias.ro\/en\/wp-json\/wp\/v2\/types\/tribe_events"}],"author":[{"embeddable":true,"href":"https:\/\/andreeahalikias.ro\/en\/wp-json\/wp\/v2\/users\/6"}],"version-history":[{"count":0,"href":"https:\/\/andreeahalikias.ro\/en\/wp-json\/wp\/v2\/tribe_events\/10871\/revisions"}],"wp:featuredmedia":[{"embeddable":true,"href":"https:\/\/andreeahalikias.ro\/en\/wp-json\/wp\/v2\/media\/7522"}],"wp:attachment":[{"href":"https:\/\/andreeahalikias.ro\/en\/wp-json\/wp\/v2\/media?parent=10871"}],"wp:term":[{"taxonomy":"post_tag","embeddable":true,"href":"https:\/\/andreeahalikias.ro\/en\/wp-json\/wp\/v2\/tags?post=10871"},{"taxonomy":"tribe_events_cat","embeddable":true,"href":"https:\/\/andreeahalikias.ro\/en\/wp-json\/wp\/v2\/tribe_events_cat?post=10871"}],"curies":[{"name":"wp","href":"https:\/\/api.w.org\/{rel}","templated":true}]}}